{"id":260265,"date":"2024-08-02T16:16:41","date_gmt":"2024-08-02T15:16:41","guid":{"rendered":"https:\/\/victoriasanchez-cine.es\/vivi\/?page_id=260265"},"modified":"2025-03-14T16:48:40","modified_gmt":"2025-03-14T15:48:40","slug":"michelangelo-antonioni-el-eclipse","status":"publish","type":"page","link":"https:\/\/victoriasanchez-cine.es\/vivi\/michelangelo-antonioni-el-eclipse\/","title":{"rendered":"Michelangelo Antonioni, El Eclipse"},"content":{"rendered":"<p>Int\u00e9rpretes: Monica Vitti: Vittoria, Alain Delon: Piero, Paco Rabal: Ricardo<\/p>\n<p>Director de Fotograf\u00eda: Gianni Di Venanzo.<\/p>\n<p>En <em>El Eclipse<\/em> de Michelangelo Antonioni la imagen de Monica Vitti es de una belleza p\u00e9trea, renacentista muy de Michelangelo. As\u00ed est\u00e1 dibujada por la luz de Di Venanzo. Es muy hermoso el rostro de Monica Vitti (Vittoria) redondeado pero a la vez anguloso, forma propicia a una iluminaci\u00f3n bastante frontal, aunque no en esta escena, en la cual Vittoria llama por tel\u00e9fono a Piero y no habla.<\/p>\n<p>&nbsp;<\/p>\n<p>&nbsp;<\/p>\n<p><img loading=\"lazy\" decoding=\"async\" class=\" wp-image-260272 aligncenter\" src=\"https:\/\/victoriasanchez-cine.es\/vivi\/wp-content\/uploads\/2024\/08\/El-Eclipse-Antonioni-Vittoria-Monica-Vitti-telefono-300x171.png\" alt=\"\" width=\"374\" height=\"213\" srcset=\"https:\/\/victoriasanchez-cine.es\/vivi\/wp-content\/uploads\/2024\/08\/El-Eclipse-Antonioni-Vittoria-Monica-Vitti-telefono-300x171.png 300w, https:\/\/victoriasanchez-cine.es\/vivi\/wp-content\/uploads\/2024\/08\/El-Eclipse-Antonioni-Vittoria-Monica-Vitti-telefono-1024x583.png 1024w, https:\/\/victoriasanchez-cine.es\/vivi\/wp-content\/uploads\/2024\/08\/El-Eclipse-Antonioni-Vittoria-Monica-Vitti-telefono-768x437.png 768w, https:\/\/victoriasanchez-cine.es\/vivi\/wp-content\/uploads\/2024\/08\/El-Eclipse-Antonioni-Vittoria-Monica-Vitti-telefono-1536x874.png 1536w, https:\/\/victoriasanchez-cine.es\/vivi\/wp-content\/uploads\/2024\/08\/El-Eclipse-Antonioni-Vittoria-Monica-Vitti-telefono-2048x1165.png 2048w, https:\/\/victoriasanchez-cine.es\/vivi\/wp-content\/uploads\/2024\/08\/El-Eclipse-Antonioni-Vittoria-Monica-Vitti-telefono-1320x751.png 1320w\" sizes=\"(max-width: 374px) 100vw, 374px\" \/><\/p>\n<p>&nbsp;<\/p>\n<p>&nbsp;<\/p>\n<p>Existe un pensamiento visual, como se\u00f1ala Rudolf Arnheim. Pero, en lo que a la fotograf\u00eda se refiere, este hecho parece manifestarse especialmente cuando es en blanco y negro, abstracci\u00f3n de la realidad visual reduciendo los colores a negro, blanco y grises, y haciendo mucho \u00e9nfasis en las formas.<\/p>\n<p>Un Eclipse es un oscurecimiento de la luz inaudito, la luna oculta el sol. Y, por tanto, el mismo t\u00edtulo de la pel\u00edcula hace referencia a su materia, la luz, y a un extra\u00f1o fen\u00f3meno en lo que se refiere a ella.<\/p>\n<p>En la escena en la que Piero y Vittoria hacen finalmente el amor, \u00e9l esta vestido de negro, ella de blanco. Y de forma convencional la imagen funde a negro para ocultar y elidir el acto sexual. \u00c9ste estar\u00eda en relaci\u00f3n por tanto con el eclipse, larga escena final de la pel\u00edcula de campos vac\u00edos, en la cual Piero y Vittoria, que se han dado cita a las ocho, no est\u00e1n, ni ning\u00fan otro personaje principal, en escena.<\/p>\n<p>&nbsp;<\/p>\n<p>&nbsp;<\/p>\n<p><img loading=\"lazy\" decoding=\"async\" class=\"alignnone wp-image-260268 aligncenter\" src=\"https:\/\/victoriasanchez-cine.es\/vivi\/wp-content\/uploads\/2024\/08\/El-Eclipse-Antonioni-F2--300x152.png\" alt=\"\" width=\"383\" height=\"194\" srcset=\"https:\/\/victoriasanchez-cine.es\/vivi\/wp-content\/uploads\/2024\/08\/El-Eclipse-Antonioni-F2--300x152.png 300w, https:\/\/victoriasanchez-cine.es\/vivi\/wp-content\/uploads\/2024\/08\/El-Eclipse-Antonioni-F2--1024x520.png 1024w, https:\/\/victoriasanchez-cine.es\/vivi\/wp-content\/uploads\/2024\/08\/El-Eclipse-Antonioni-F2--768x390.png 768w, https:\/\/victoriasanchez-cine.es\/vivi\/wp-content\/uploads\/2024\/08\/El-Eclipse-Antonioni-F2--1536x780.png 1536w, https:\/\/victoriasanchez-cine.es\/vivi\/wp-content\/uploads\/2024\/08\/El-Eclipse-Antonioni-F2--2048x1040.png 2048w, https:\/\/victoriasanchez-cine.es\/vivi\/wp-content\/uploads\/2024\/08\/El-Eclipse-Antonioni-F2--1320x670.png 1320w\" sizes=\"(max-width: 383px) 100vw, 383px\" \/><\/p>\n<p>&nbsp;<\/p>\n<p>La pel\u00edcula comienza con el di\u00e1logo entre Vittoria y Ricardo antes de que ella lo deje. Interpretado por Paco Rabal, es un hombre atractivo pero rudo.<\/p>\n<p>El recorrido afectivo que realiza Vittoria se dirige de lo masculino m\u00e1s varonil, hacia el quiz\u00e1 ani\u00f1ado Piero. Hombre de extraordinaria belleza interpretado por Alain Delon.<\/p>\n<p>&nbsp;<\/p>\n<p>&nbsp;<\/p>\n<p><img loading=\"lazy\" decoding=\"async\" class=\" wp-image-260271 aligncenter\" src=\"https:\/\/victoriasanchez-cine.es\/vivi\/wp-content\/uploads\/2024\/08\/El-Eclipse-Antonioni-Piero-Alain-Delon-300x171.png\" alt=\"\" width=\"395\" height=\"225\" srcset=\"https:\/\/victoriasanchez-cine.es\/vivi\/wp-content\/uploads\/2024\/08\/El-Eclipse-Antonioni-Piero-Alain-Delon-300x171.png 300w, https:\/\/victoriasanchez-cine.es\/vivi\/wp-content\/uploads\/2024\/08\/El-Eclipse-Antonioni-Piero-Alain-Delon-1024x583.png 1024w, https:\/\/victoriasanchez-cine.es\/vivi\/wp-content\/uploads\/2024\/08\/El-Eclipse-Antonioni-Piero-Alain-Delon-768x437.png 768w, https:\/\/victoriasanchez-cine.es\/vivi\/wp-content\/uploads\/2024\/08\/El-Eclipse-Antonioni-Piero-Alain-Delon-1536x874.png 1536w, https:\/\/victoriasanchez-cine.es\/vivi\/wp-content\/uploads\/2024\/08\/El-Eclipse-Antonioni-Piero-Alain-Delon-2048x1165.png 2048w, https:\/\/victoriasanchez-cine.es\/vivi\/wp-content\/uploads\/2024\/08\/El-Eclipse-Antonioni-Piero-Alain-Delon-1320x751.png 1320w\" sizes=\"(max-width: 395px) 100vw, 395px\" \/><\/p>\n<p>&nbsp;<\/p>\n<p>Si existe un pensamiento visual es que existe una dial\u00e9ctica significativa, un sentido en la modulaci\u00f3n de luz y colores, as\u00ed como en la representaci\u00f3n de iconos visuales.<\/p>\n<p>En la pel\u00edcula vemos marcadas de forma b\u00e1sica escenas de d\u00eda y de noche. Pero incluso se manifiesta en la piel de los personajes, cuando Vittoria se disfraza como una africana de Kenia, \u00abno hagas el salvaje\u00bb le dice su amiga de este pa\u00eds. En una charla racista la blanca keniana dice que los africanos o negros son como monos, es decir, animales. Se alude a la animalidad de Vittoria, a su pulsi\u00f3n sexual.<\/p>\n<p>Los perros de la due\u00f1a de la casa, la blanca de Kenia, se escapan a la calle por la noche, y salen a buscarlos. \u00ab\u00bfCu\u00e1l es el tuyo?\u00bb pregunta Vittoria, \u00abEs el negro\u00bb.<\/p>\n<p>Una estatua negra u oscura de un \u00e1ngel ani\u00f1ado, de formas redondeadas, andr\u00f3ginas, es observado como algo enigm\u00e1tico por Vittoria.<\/p>\n<p>&nbsp;<\/p>\n<p>&nbsp;<\/p>\n<p><img loading=\"lazy\" decoding=\"async\" class=\"alignnone wp-image-260266 aligncenter\" src=\"https:\/\/victoriasanchez-cine.es\/vivi\/wp-content\/uploads\/2024\/08\/El-Eclipse-Antonioni-Angel-adolescente-de-sexualidad-ambigua-300x195.jpg\" alt=\"\" width=\"422\" height=\"274\" srcset=\"https:\/\/victoriasanchez-cine.es\/vivi\/wp-content\/uploads\/2024\/08\/El-Eclipse-Antonioni-Angel-adolescente-de-sexualidad-ambigua-300x195.jpg 300w, https:\/\/victoriasanchez-cine.es\/vivi\/wp-content\/uploads\/2024\/08\/El-Eclipse-Antonioni-Angel-adolescente-de-sexualidad-ambigua-1024x664.jpg 1024w, https:\/\/victoriasanchez-cine.es\/vivi\/wp-content\/uploads\/2024\/08\/El-Eclipse-Antonioni-Angel-adolescente-de-sexualidad-ambigua-768x498.jpg 768w, https:\/\/victoriasanchez-cine.es\/vivi\/wp-content\/uploads\/2024\/08\/El-Eclipse-Antonioni-Angel-adolescente-de-sexualidad-ambigua-1536x997.jpg 1536w, https:\/\/victoriasanchez-cine.es\/vivi\/wp-content\/uploads\/2024\/08\/El-Eclipse-Antonioni-Angel-adolescente-de-sexualidad-ambigua-2048x1329.jpg 2048w, https:\/\/victoriasanchez-cine.es\/vivi\/wp-content\/uploads\/2024\/08\/El-Eclipse-Antonioni-Angel-adolescente-de-sexualidad-ambigua-1320x857.jpg 1320w\" sizes=\"(max-width: 422px) 100vw, 422px\" \/><\/p>\n<p>&nbsp;<\/p>\n<p>&nbsp;<\/p>\n<p>Observar que es parte del mismo nombre del sujeto que enuncia y firma el film, Angelo.<\/p>\n<p>A m\u00ed se me asemeja el \u00e1ngel a Piero, y, antes de conocerlo, es como si prefigurase su aparici\u00f3n en la pel\u00edcula.<\/p>\n<p>Para Jes\u00fas Gonz\u00e1lez Requena (\u00abLa Mujer y su deseo, El Eclipse (Michelangelo Antonioni, 1962\u00bb *) el filme trata sobre el deseo de Vittoria. Y reflexiona Jes\u00fas sobre ello, con asociaciones muy interesantes y enigm\u00e1ticas: el \u00e9xtasis de Santa Teresa, la estatua de Bernini, la escultura, en la cual est\u00e1n representados, ba\u00f1ados por la luz divina, un \u00e1ngel adolescente que con su flecha lleva a la santa al \u00e9xtasis m\u00edstico, o transverberaci\u00f3n: ser atravesada por una flecha que es como un fuego que arde el coraz\u00f3n. El \u00a0\u00e1ngel es el mensajero de la palabra de Dios. Hay que tener en cuenta que esta c\u00e9lebre estatua se encuentra en la iglesia Santa Maria della Vittoria en Roma.<\/p>\n<p>Vittoria una vez que ha conocido a Piero demora el encuentro sexual con \u00e9ste. Es manifiesto, al igual que aunque no tan exuberantemente barroco, su deseo por Piero. Es maravillosa la interpretaci\u00f3n en este sentido de Monica Vitti.<\/p>\n<p>&nbsp;<\/p>\n<p>&nbsp;<\/p>\n<p><img loading=\"lazy\" decoding=\"async\" class=\"alignnone size-medium wp-image-260274 aligncenter\" src=\"https:\/\/victoriasanchez-cine.es\/vivi\/wp-content\/uploads\/2024\/08\/El-Eclipse-Antonioni-Vittoria-mirando-a-Piero-300x171.png\" alt=\"\" width=\"300\" height=\"171\" srcset=\"https:\/\/victoriasanchez-cine.es\/vivi\/wp-content\/uploads\/2024\/08\/El-Eclipse-Antonioni-Vittoria-mirando-a-Piero-300x171.png 300w, https:\/\/victoriasanchez-cine.es\/vivi\/wp-content\/uploads\/2024\/08\/El-Eclipse-Antonioni-Vittoria-mirando-a-Piero-1024x583.png 1024w, https:\/\/victoriasanchez-cine.es\/vivi\/wp-content\/uploads\/2024\/08\/El-Eclipse-Antonioni-Vittoria-mirando-a-Piero-768x437.png 768w, https:\/\/victoriasanchez-cine.es\/vivi\/wp-content\/uploads\/2024\/08\/El-Eclipse-Antonioni-Vittoria-mirando-a-Piero-1536x874.png 1536w, https:\/\/victoriasanchez-cine.es\/vivi\/wp-content\/uploads\/2024\/08\/El-Eclipse-Antonioni-Vittoria-mirando-a-Piero-2048x1165.png 2048w, https:\/\/victoriasanchez-cine.es\/vivi\/wp-content\/uploads\/2024\/08\/El-Eclipse-Antonioni-Vittoria-mirando-a-Piero-1320x751.png 1320w\" sizes=\"(max-width: 300px) 100vw, 300px\" \/><\/p>\n<p><img loading=\"lazy\" decoding=\"async\" class=\"size-medium wp-image-260275 aligncenter\" src=\"https:\/\/victoriasanchez-cine.es\/vivi\/wp-content\/uploads\/2024\/08\/El-Eclipse-Antonionii-F1-300x152.png\" alt=\"\" width=\"300\" height=\"152\" srcset=\"https:\/\/victoriasanchez-cine.es\/vivi\/wp-content\/uploads\/2024\/08\/El-Eclipse-Antonionii-F1-300x152.png 300w, https:\/\/victoriasanchez-cine.es\/vivi\/wp-content\/uploads\/2024\/08\/El-Eclipse-Antonionii-F1-1024x520.png 1024w, https:\/\/victoriasanchez-cine.es\/vivi\/wp-content\/uploads\/2024\/08\/El-Eclipse-Antonionii-F1-768x390.png 768w, https:\/\/victoriasanchez-cine.es\/vivi\/wp-content\/uploads\/2024\/08\/El-Eclipse-Antonionii-F1-1536x780.png 1536w, https:\/\/victoriasanchez-cine.es\/vivi\/wp-content\/uploads\/2024\/08\/El-Eclipse-Antonionii-F1-2048x1040.png 2048w, https:\/\/victoriasanchez-cine.es\/vivi\/wp-content\/uploads\/2024\/08\/El-Eclipse-Antonionii-F1-1320x670.png 1320w\" sizes=\"(max-width: 300px) 100vw, 300px\" \/><\/p>\n<p><img loading=\"lazy\" decoding=\"async\" class=\"alignnone size-medium wp-image-260269 aligncenter\" src=\"https:\/\/victoriasanchez-cine.es\/vivi\/wp-content\/uploads\/2024\/08\/El-Eclipse-Antonioni-F3-300x162.png\" alt=\"\" width=\"300\" height=\"162\" srcset=\"https:\/\/victoriasanchez-cine.es\/vivi\/wp-content\/uploads\/2024\/08\/El-Eclipse-Antonioni-F3-300x162.png 300w, https:\/\/victoriasanchez-cine.es\/vivi\/wp-content\/uploads\/2024\/08\/El-Eclipse-Antonioni-F3-1024x553.png 1024w, https:\/\/victoriasanchez-cine.es\/vivi\/wp-content\/uploads\/2024\/08\/El-Eclipse-Antonioni-F3-768x415.png 768w, https:\/\/victoriasanchez-cine.es\/vivi\/wp-content\/uploads\/2024\/08\/El-Eclipse-Antonioni-F3-1536x829.png 1536w, https:\/\/victoriasanchez-cine.es\/vivi\/wp-content\/uploads\/2024\/08\/El-Eclipse-Antonioni-F3-2048x1106.png 2048w, https:\/\/victoriasanchez-cine.es\/vivi\/wp-content\/uploads\/2024\/08\/El-Eclipse-Antonioni-F3-1320x713.png 1320w\" sizes=\"(max-width: 300px) 100vw, 300px\" \/><\/p>\n<p>&nbsp;<\/p>\n<p>&nbsp;<\/p>\n<p>Pero a Vittoria le da miedo querer tanto a Piero y, dice, tan mal. Y por ello cuando el le sugiere incluso el matrimonio ella duda. Piero dice que no entiende. y Vittoria contesta que lo que ella desea no se puede entender. El oscurecimiento precisamente se\u00f1ala la ausencia de forma, de percepci\u00f3n, de objeto y de entendimiento.<\/p>\n<p>El beso y el acto sexual se demoran en el filme. Antes los amantes se besan incluso a trav\u00e9s del cristal de las ventanas. Lo que claramente denota que en cierto modo se aman a s\u00ed mismos \u00a0en el otro o que este narcisismo primero es como una defensa que contiene la violencia del deseo. Vittoria interpone una ventana entre ellos cuando Piero se dirige a besarla, y este la retira.<\/p>\n<p>Es muy hermosa la escena de este otro beso.<\/p>\n<p>&nbsp;<\/p>\n<p>&nbsp;<\/p>\n<p><img loading=\"lazy\" decoding=\"async\" class=\" wp-image-260267 aligncenter\" src=\"https:\/\/victoriasanchez-cine.es\/vivi\/wp-content\/uploads\/2024\/08\/El-Eclipse-Antonioni-Beso-Piero-Alain-Delon-Vittoria-Monica-Vitti-300x171.png\" alt=\"\" width=\"377\" height=\"215\" srcset=\"https:\/\/victoriasanchez-cine.es\/vivi\/wp-content\/uploads\/2024\/08\/El-Eclipse-Antonioni-Beso-Piero-Alain-Delon-Vittoria-Monica-Vitti-300x171.png 300w, https:\/\/victoriasanchez-cine.es\/vivi\/wp-content\/uploads\/2024\/08\/El-Eclipse-Antonioni-Beso-Piero-Alain-Delon-Vittoria-Monica-Vitti-1024x583.png 1024w, https:\/\/victoriasanchez-cine.es\/vivi\/wp-content\/uploads\/2024\/08\/El-Eclipse-Antonioni-Beso-Piero-Alain-Delon-Vittoria-Monica-Vitti-768x437.png 768w, https:\/\/victoriasanchez-cine.es\/vivi\/wp-content\/uploads\/2024\/08\/El-Eclipse-Antonioni-Beso-Piero-Alain-Delon-Vittoria-Monica-Vitti-1536x874.png 1536w, https:\/\/victoriasanchez-cine.es\/vivi\/wp-content\/uploads\/2024\/08\/El-Eclipse-Antonioni-Beso-Piero-Alain-Delon-Vittoria-Monica-Vitti-2048x1165.png 2048w, https:\/\/victoriasanchez-cine.es\/vivi\/wp-content\/uploads\/2024\/08\/El-Eclipse-Antonioni-Beso-Piero-Alain-Delon-Vittoria-Monica-Vitti-1320x751.png 1320w\" sizes=\"(max-width: 377px) 100vw, 377px\" \/><\/p>\n<p>&nbsp;<\/p>\n<p>&nbsp;<\/p>\n<p>Si hay algo que no se puede representar en blanco y negro son las flores.<\/p>\n<p>En la escena en la bolsa, en donde trabaja Piero para la madre de Vittoria como inversor, cuando la bolsa cae y la gente se arruina, Vittoria sigue a un hombre que ha perdido 50 millones de liras, y observa como sentado en una cafeter\u00eda dibuja en una servilleta unas flores. Recoge la servilleta y se la muestra a Piero dici\u00e9ndole, voy a ver a mi madre, ella no dibuja flores.<\/p>\n<p>Una de las im\u00e1genes m\u00e1s bellas y extra\u00f1as de la pel\u00edcula es la de Vittoria observando este gran jarr\u00f3n de formas que evocan los genitales masculinos, con grandes flores semejantes a girasoles, de las cuales no percibimos el color. Pero, curiosamente, si pensamos, tambi\u00e9n podr\u00eda ser representaci\u00f3n de los genitales femeninos.<\/p>\n<p>&nbsp;<\/p>\n<p>&nbsp;<\/p>\n<p><img loading=\"lazy\" decoding=\"async\" class=\" wp-image-260299 aligncenter\" src=\"https:\/\/victoriasanchez-cine.es\/vivi\/wp-content\/uploads\/2024\/08\/Vittoria-y-el-jarron-300x167.png\" alt=\"\" width=\"453\" height=\"252\" srcset=\"https:\/\/victoriasanchez-cine.es\/vivi\/wp-content\/uploads\/2024\/08\/Vittoria-y-el-jarron-300x167.png 300w, https:\/\/victoriasanchez-cine.es\/vivi\/wp-content\/uploads\/2024\/08\/Vittoria-y-el-jarron-1024x569.png 1024w, https:\/\/victoriasanchez-cine.es\/vivi\/wp-content\/uploads\/2024\/08\/Vittoria-y-el-jarron-768x427.png 768w, https:\/\/victoriasanchez-cine.es\/vivi\/wp-content\/uploads\/2024\/08\/Vittoria-y-el-jarron-1536x854.png 1536w, https:\/\/victoriasanchez-cine.es\/vivi\/wp-content\/uploads\/2024\/08\/Vittoria-y-el-jarron-2048x1139.png 2048w, https:\/\/victoriasanchez-cine.es\/vivi\/wp-content\/uploads\/2024\/08\/Vittoria-y-el-jarron-1320x734.png 1320w\" sizes=\"(max-width: 453px) 100vw, 453px\" \/><\/p>\n<p>&nbsp;<\/p>\n<p>&nbsp;<\/p>\n<p>Ella oscurecida, formando una silueta, con solo el brillo de la parte superior de sus cabellos. Y el jarr\u00f3n de gran luminosidad, una luz blanca brillante.<\/p>\n<p>Es, quiz\u00e1s, la representaci\u00f3n, si reflexionamos sobre la imagen, de un eclipse. Y, adem\u00e1s, ella, invirtiendo los tonos de la escena sexual, la mujer, es representada en negro, y, lo que alude al var\u00f3n, adem\u00e1s de con flores, el objeto de deseo y de fascinaci\u00f3n para ella, ahora, es representado en blanco.<\/p>\n<hr \/>\n<p>(*) Gonz\u00e1lez Requena, Jes\u00fas: \u00abLa mujer y su deseo. El Eclipse (Michelangelo Antonioni, 1962)\u00bb en VVAA: <em>Antonioni , Michelangelo y las Monta\u00f1as Encantadas. La intuici\u00f3n del hielo<\/em>. Fundaci\u00f3n Luis Sacane, Maia Ediciones. Madrid, 2010.<\/p>\n","protected":false},"excerpt":{"rendered":"<p>Int\u00e9rpretes: Monica Vitti: Vittoria, Alain Delon: Piero, Paco Rabal: Ricardo Director de Fotograf\u00eda: Gianni Di Venanzo. En El Eclipse de Michelangelo Antonioni la imagen de Monica Vitti es de una belleza p\u00e9trea, renacentista muy de Michelangelo. As\u00ed est\u00e1 dibujada por la luz de Di Venanzo. Es muy hermoso el rostro de Monica Vitti (Vittoria) redondeado [&hellip;]<\/p>\n","protected":false},"author":1,"featured_media":260268,"parent":0,"menu_order":0,"comment_status":"closed","ping_status":"closed","template":"","meta":{"footnotes":""},"class_list":["post-260265","page","type-page","status-publish","has-post-thumbnail","hentry"],"yoast_head":"<!-- This site is optimized with the Yoast SEO plugin v25.2 - https:\/\/yoast.com\/wordpress\/plugins\/seo\/ -->\n<title>Michelangelo Antonioni, El Eclipse - AN\u00c1LISIS CINEMATOGR\u00c1FICO<\/title>\n<meta name=\"description\" content=\"Michelangelo Antonioni El Eclipse, M\u00f3nica Vitti, Alain Delon, Paco Rabal, Gianni de Venanzo, fotografia en blanco y negro.\" \/>\n<meta name=\"robots\" content=\"index, follow, max-snippet:-1, max-image-preview:large, max-video-preview:-1\" \/>\n<link rel=\"canonical\" href=\"https:\/\/victoriasanchez-cine.es\/vivi\/michelangelo-antonioni-el-eclipse\/\" \/>\n<meta property=\"og:locale\" content=\"es_ES\" \/>\n<meta property=\"og:type\" content=\"article\" \/>\n<meta property=\"og:title\" content=\"Michelangelo Antonioni, El Eclipse - AN\u00c1LISIS CINEMATOGR\u00c1FICO\" \/>\n<meta property=\"og:description\" content=\"Michelangelo Antonioni El Eclipse, M\u00f3nica Vitti, Alain Delon, Paco Rabal, Gianni de Venanzo, fotografia en blanco y negro.\" \/>\n<meta property=\"og:url\" content=\"https:\/\/victoriasanchez-cine.es\/vivi\/michelangelo-antonioni-el-eclipse\/\" \/>\n<meta property=\"og:site_name\" content=\"AN\u00c1LISIS CINEMATOGR\u00c1FICO\" \/>\n<meta property=\"article:modified_time\" content=\"2025-03-14T15:48:40+00:00\" \/>\n<meta property=\"og:image\" content=\"https:\/\/victoriasanchez-cine.es\/vivi\/wp-content\/uploads\/2024\/08\/El-Eclipse-Antonioni-F2--1024x520.png\" \/>\n\t<meta property=\"og:image:width\" content=\"1024\" \/>\n\t<meta property=\"og:image:height\" content=\"520\" \/>\n\t<meta property=\"og:image:type\" content=\"image\/png\" \/>\n<meta name=\"twitter:card\" content=\"summary_large_image\" \/>\n<meta name=\"twitter:label1\" content=\"Tiempo de lectura\" \/>\n\t<meta name=\"twitter:data1\" content=\"7 minutos\" \/>\n<script type=\"application\/ld+json\" class=\"yoast-schema-graph\">{\"@context\":\"https:\/\/schema.org\",\"@graph\":[{\"@type\":\"WebPage\",\"@id\":\"https:\/\/victoriasanchez-cine.es\/vivi\/michelangelo-antonioni-el-eclipse\/\",\"url\":\"https:\/\/victoriasanchez-cine.es\/vivi\/michelangelo-antonioni-el-eclipse\/\",\"name\":\"Michelangelo Antonioni, El Eclipse - AN\u00c1LISIS CINEMATOGR\u00c1FICO\",\"isPartOf\":{\"@id\":\"https:\/\/victoriasanchez-cine.es\/vivi\/#website\"},\"primaryImageOfPage\":{\"@id\":\"https:\/\/victoriasanchez-cine.es\/vivi\/michelangelo-antonioni-el-eclipse\/#primaryimage\"},\"image\":{\"@id\":\"https:\/\/victoriasanchez-cine.es\/vivi\/michelangelo-antonioni-el-eclipse\/#primaryimage\"},\"thumbnailUrl\":\"https:\/\/victoriasanchez-cine.es\/vivi\/wp-content\/uploads\/2024\/08\/El-Eclipse-Antonioni-F2-.png\",\"datePublished\":\"2024-08-02T15:16:41+00:00\",\"dateModified\":\"2025-03-14T15:48:40+00:00\",\"description\":\"Michelangelo Antonioni El Eclipse, M\u00f3nica Vitti, Alain Delon, Paco Rabal, Gianni de Venanzo, fotografia en blanco y negro.\",\"breadcrumb\":{\"@id\":\"https:\/\/victoriasanchez-cine.es\/vivi\/michelangelo-antonioni-el-eclipse\/#breadcrumb\"},\"inLanguage\":\"es\",\"potentialAction\":[{\"@type\":\"ReadAction\",\"target\":[\"https:\/\/victoriasanchez-cine.es\/vivi\/michelangelo-antonioni-el-eclipse\/\"]}]},{\"@type\":\"ImageObject\",\"inLanguage\":\"es\",\"@id\":\"https:\/\/victoriasanchez-cine.es\/vivi\/michelangelo-antonioni-el-eclipse\/#primaryimage\",\"url\":\"https:\/\/victoriasanchez-cine.es\/vivi\/wp-content\/uploads\/2024\/08\/El-Eclipse-Antonioni-F2-.png\",\"contentUrl\":\"https:\/\/victoriasanchez-cine.es\/vivi\/wp-content\/uploads\/2024\/08\/El-Eclipse-Antonioni-F2-.png\",\"width\":2556,\"height\":1298},{\"@type\":\"BreadcrumbList\",\"@id\":\"https:\/\/victoriasanchez-cine.es\/vivi\/michelangelo-antonioni-el-eclipse\/#breadcrumb\",\"itemListElement\":[{\"@type\":\"ListItem\",\"position\":1,\"name\":\"Portada\",\"item\":\"https:\/\/victoriasanchez-cine.es\/vivi\/\"},{\"@type\":\"ListItem\",\"position\":2,\"name\":\"Michelangelo Antonioni, El Eclipse\"}]},{\"@type\":\"WebSite\",\"@id\":\"https:\/\/victoriasanchez-cine.es\/vivi\/#website\",\"url\":\"https:\/\/victoriasanchez-cine.es\/vivi\/\",\"name\":\"AN\u00c1LISIS CINEMATOGR\u00c1FICO\",\"description\":\"P\u00c1GINA WEB DE VICTORIA S\u00c1NCHEZ MARTINEZ\",\"publisher\":{\"@id\":\"https:\/\/victoriasanchez-cine.es\/vivi\/#organization\"},\"potentialAction\":[{\"@type\":\"SearchAction\",\"target\":{\"@type\":\"EntryPoint\",\"urlTemplate\":\"https:\/\/victoriasanchez-cine.es\/vivi\/?s={search_term_string}\"},\"query-input\":{\"@type\":\"PropertyValueSpecification\",\"valueRequired\":true,\"valueName\":\"search_term_string\"}}],\"inLanguage\":\"es\"},{\"@type\":\"Organization\",\"@id\":\"https:\/\/victoriasanchez-cine.es\/vivi\/#organization\",\"name\":\"AN\u00c1LISIS CINEMATOGR\u00c1FICO\",\"url\":\"https:\/\/victoriasanchez-cine.es\/vivi\/\",\"logo\":{\"@type\":\"ImageObject\",\"inLanguage\":\"es\",\"@id\":\"https:\/\/victoriasanchez-cine.es\/vivi\/#\/schema\/logo\/image\/\",\"url\":\"https:\/\/victoriasanchez-cine.es\/vivi\/wp-content\/uploads\/2023\/08\/cropped-cropped-cropped-12289524_10206853425168176_8981757299521864258_n.jpg\",\"contentUrl\":\"https:\/\/victoriasanchez-cine.es\/vivi\/wp-content\/uploads\/2023\/08\/cropped-cropped-cropped-12289524_10206853425168176_8981757299521864258_n.jpg\",\"width\":552,\"height\":552,\"caption\":\"AN\u00c1LISIS  CINEMATOGR\u00c1FICO\"},\"image\":{\"@id\":\"https:\/\/victoriasanchez-cine.es\/vivi\/#\/schema\/logo\/image\/\"}}]}<\/script>\n<!-- \/ Yoast SEO plugin. -->","yoast_head_json":{"title":"Michelangelo Antonioni, El Eclipse - AN\u00c1LISIS CINEMATOGR\u00c1FICO","description":"Michelangelo Antonioni El Eclipse, M\u00f3nica Vitti, Alain Delon, Paco Rabal, Gianni de Venanzo, fotografia en blanco y negro.","robots":{"index":"index","follow":"follow","max-snippet":"max-snippet:-1","max-image-preview":"max-image-preview:large","max-video-preview":"max-video-preview:-1"},"canonical":"https:\/\/victoriasanchez-cine.es\/vivi\/michelangelo-antonioni-el-eclipse\/","og_locale":"es_ES","og_type":"article","og_title":"Michelangelo Antonioni, El Eclipse - AN\u00c1LISIS CINEMATOGR\u00c1FICO","og_description":"Michelangelo Antonioni El Eclipse, M\u00f3nica Vitti, Alain Delon, Paco Rabal, Gianni de Venanzo, fotografia en blanco y negro.","og_url":"https:\/\/victoriasanchez-cine.es\/vivi\/michelangelo-antonioni-el-eclipse\/","og_site_name":"AN\u00c1LISIS CINEMATOGR\u00c1FICO","article_modified_time":"2025-03-14T15:48:40+00:00","og_image":[{"width":1024,"height":520,"url":"https:\/\/victoriasanchez-cine.es\/vivi\/wp-content\/uploads\/2024\/08\/El-Eclipse-Antonioni-F2--1024x520.png","type":"image\/png"}],"twitter_card":"summary_large_image","twitter_misc":{"Tiempo de lectura":"7 minutos"},"schema":{"@context":"https:\/\/schema.org","@graph":[{"@type":"WebPage","@id":"https:\/\/victoriasanchez-cine.es\/vivi\/michelangelo-antonioni-el-eclipse\/","url":"https:\/\/victoriasanchez-cine.es\/vivi\/michelangelo-antonioni-el-eclipse\/","name":"Michelangelo Antonioni, El Eclipse - AN\u00c1LISIS CINEMATOGR\u00c1FICO","isPartOf":{"@id":"https:\/\/victoriasanchez-cine.es\/vivi\/#website"},"primaryImageOfPage":{"@id":"https:\/\/victoriasanchez-cine.es\/vivi\/michelangelo-antonioni-el-eclipse\/#primaryimage"},"image":{"@id":"https:\/\/victoriasanchez-cine.es\/vivi\/michelangelo-antonioni-el-eclipse\/#primaryimage"},"thumbnailUrl":"https:\/\/victoriasanchez-cine.es\/vivi\/wp-content\/uploads\/2024\/08\/El-Eclipse-Antonioni-F2-.png","datePublished":"2024-08-02T15:16:41+00:00","dateModified":"2025-03-14T15:48:40+00:00","description":"Michelangelo Antonioni El Eclipse, M\u00f3nica Vitti, Alain Delon, Paco Rabal, Gianni de Venanzo, fotografia en blanco y negro.","breadcrumb":{"@id":"https:\/\/victoriasanchez-cine.es\/vivi\/michelangelo-antonioni-el-eclipse\/#breadcrumb"},"inLanguage":"es","potentialAction":[{"@type":"ReadAction","target":["https:\/\/victoriasanchez-cine.es\/vivi\/michelangelo-antonioni-el-eclipse\/"]}]},{"@type":"ImageObject","inLanguage":"es","@id":"https:\/\/victoriasanchez-cine.es\/vivi\/michelangelo-antonioni-el-eclipse\/#primaryimage","url":"https:\/\/victoriasanchez-cine.es\/vivi\/wp-content\/uploads\/2024\/08\/El-Eclipse-Antonioni-F2-.png","contentUrl":"https:\/\/victoriasanchez-cine.es\/vivi\/wp-content\/uploads\/2024\/08\/El-Eclipse-Antonioni-F2-.png","width":2556,"height":1298},{"@type":"BreadcrumbList","@id":"https:\/\/victoriasanchez-cine.es\/vivi\/michelangelo-antonioni-el-eclipse\/#breadcrumb","itemListElement":[{"@type":"ListItem","position":1,"name":"Portada","item":"https:\/\/victoriasanchez-cine.es\/vivi\/"},{"@type":"ListItem","position":2,"name":"Michelangelo Antonioni, El Eclipse"}]},{"@type":"WebSite","@id":"https:\/\/victoriasanchez-cine.es\/vivi\/#website","url":"https:\/\/victoriasanchez-cine.es\/vivi\/","name":"AN\u00c1LISIS CINEMATOGR\u00c1FICO","description":"P\u00c1GINA WEB DE VICTORIA S\u00c1NCHEZ MARTINEZ","publisher":{"@id":"https:\/\/victoriasanchez-cine.es\/vivi\/#organization"},"potentialAction":[{"@type":"SearchAction","target":{"@type":"EntryPoint","urlTemplate":"https:\/\/victoriasanchez-cine.es\/vivi\/?s={search_term_string}"},"query-input":{"@type":"PropertyValueSpecification","valueRequired":true,"valueName":"search_term_string"}}],"inLanguage":"es"},{"@type":"Organization","@id":"https:\/\/victoriasanchez-cine.es\/vivi\/#organization","name":"AN\u00c1LISIS CINEMATOGR\u00c1FICO","url":"https:\/\/victoriasanchez-cine.es\/vivi\/","logo":{"@type":"ImageObject","inLanguage":"es","@id":"https:\/\/victoriasanchez-cine.es\/vivi\/#\/schema\/logo\/image\/","url":"https:\/\/victoriasanchez-cine.es\/vivi\/wp-content\/uploads\/2023\/08\/cropped-cropped-cropped-12289524_10206853425168176_8981757299521864258_n.jpg","contentUrl":"https:\/\/victoriasanchez-cine.es\/vivi\/wp-content\/uploads\/2023\/08\/cropped-cropped-cropped-12289524_10206853425168176_8981757299521864258_n.jpg","width":552,"height":552,"caption":"AN\u00c1LISIS  CINEMATOGR\u00c1FICO"},"image":{"@id":"https:\/\/victoriasanchez-cine.es\/vivi\/#\/schema\/logo\/image\/"}}]}},"_links":{"self":[{"href":"https:\/\/victoriasanchez-cine.es\/vivi\/wp-json\/wp\/v2\/pages\/260265"}],"collection":[{"href":"https:\/\/victoriasanchez-cine.es\/vivi\/wp-json\/wp\/v2\/pages"}],"about":[{"href":"https:\/\/victoriasanchez-cine.es\/vivi\/wp-json\/wp\/v2\/types\/page"}],"author":[{"embeddable":true,"href":"https:\/\/victoriasanchez-cine.es\/vivi\/wp-json\/wp\/v2\/users\/1"}],"replies":[{"embeddable":true,"href":"https:\/\/victoriasanchez-cine.es\/vivi\/wp-json\/wp\/v2\/comments?post=260265"}],"version-history":[{"count":0,"href":"https:\/\/victoriasanchez-cine.es\/vivi\/wp-json\/wp\/v2\/pages\/260265\/revisions"}],"wp:featuredmedia":[{"embeddable":true,"href":"https:\/\/victoriasanchez-cine.es\/vivi\/wp-json\/wp\/v2\/media\/260268"}],"wp:attachment":[{"href":"https:\/\/victoriasanchez-cine.es\/vivi\/wp-json\/wp\/v2\/media?parent=260265"}],"curies":[{"name":"wp","href":"https:\/\/api.w.org\/{rel}","templated":true}]}}